{"id":7,"date":"2020-07-03T18:03:28","date_gmt":"2020-07-03T16:03:28","guid":{"rendered":"http:\/\/association-carmen.fr\/la-caravane-des-medias\/?page_id=7"},"modified":"2025-10-30T14:27:43","modified_gmt":"2025-10-30T13:27:43","slug":"a-propos-de","status":"publish","type":"page","link":"https:\/\/association-carmen.fr\/la-caravane-des-medias\/a-propos-de\/","title":{"rendered":"Le m\u00e9diaphone"},"content":{"rendered":"\n<p class=\"has-text-align-justify has-medium-font-size\"><strong>La caravane des m\u00e9dias\u2026<\/strong><\/p>\n\n\n\n<p class=\"has-text-align-justify has-medium-font-size\">En 2020, l\u2019<a href=\"https:\/\/association-carmen.fr\/\">association CARMEN<\/a> lance la caravane des m\u00e9dias, un studio mobile atypique qui parcourt les routes des Hauts-de-France. Pendant cinq jours, trois journalistes invitent les habitants \u00e0 discuter de l\u2019information et des m\u00e9dias : ils expliquent, analysent, d\u00e9battent et produisent du contenu autour des m\u00e9dias, tout en documentant l\u2019exp\u00e9rience sous forme d\u2019un <em>Carnet de voyage <\/em>en ligne. <\/p>\n\n\n\n<p class=\"has-text-align-justify has-medium-font-size\"><strong>\u2026 prend une nouvelle direction.<\/strong><\/p>\n\n\n\n<p>En 2025, le projet \u00e9volue pour devenir le m\u00e9diaphone, une exp\u00e9rience de la cr\u00e9ation d&rsquo;un m\u00e9dia sonore, populaire, \u00e9ph\u00e9m\u00e8re et participatif avec les citoyens et citoyennes, diffus\u00e9s dans l\u2019espace public \u00e0 l\u2019aide d\u2019un dispositif sonore mobile. L&rsquo;\u00e9quipe est compos\u00e9e d&rsquo;une journaliste, une technicienne radio et un musicien parolier. <\/p>\n\n\n\n<figure class=\"wp-block-image size-large\"><img loading=\"lazy\" decoding=\"async\" width=\"1024\" height=\"595\" src=\"https:\/\/association-carmen.fr\/la-caravane-des-medias\/wp-content\/uploads\/2025\/10\/la-caravane-MEDIAPHONE-2-1024x595.jpg\" alt=\"\" class=\"wp-image-2729\" srcset=\"https:\/\/association-carmen.fr\/la-caravane-des-medias\/wp-content\/uploads\/2025\/10\/la-caravane-MEDIAPHONE-2-1024x595.jpg 1024w, https:\/\/association-carmen.fr\/la-caravane-des-medias\/wp-content\/uploads\/2025\/10\/la-caravane-MEDIAPHONE-2-300x174.jpg 300w, https:\/\/association-carmen.fr\/la-caravane-des-medias\/wp-content\/uploads\/2025\/10\/la-caravane-MEDIAPHONE-2-768x446.jpg 768w, https:\/\/association-carmen.fr\/la-caravane-des-medias\/wp-content\/uploads\/2025\/10\/la-caravane-MEDIAPHONE-2-1536x892.jpg 1536w, https:\/\/association-carmen.fr\/la-caravane-des-medias\/wp-content\/uploads\/2025\/10\/la-caravane-MEDIAPHONE-2-1200x697.jpg 1200w, https:\/\/association-carmen.fr\/la-caravane-des-medias\/wp-content\/uploads\/2025\/10\/la-caravane-MEDIAPHONE-2.jpg 1859w\" sizes=\"auto, (max-width: 1024px) 100vw, 1024px\" \/><\/figure>\n\n\n\n<p class=\"has-normal-font-size\">Depuis ses d\u00e9buts, la caravane a parcouru les territoires suivants : <br>&#8211; <a href=\"http:\/\/association-carmen.fr\/la-caravane-des-medias\/category\/caps-et-marais-dopale-62\/\" target=\"_blank\" rel=\"noreferrer noopener\">Caps et marais d&rsquo;Opale<\/a> (62)<br>&#8211; <a href=\"http:\/\/association-carmen.fr\/la-caravane-des-medias\/category\/amiens-metropole\/\" target=\"_blank\" rel=\"noreferrer noopener\">Amiens M\u00e9tropole<\/a> (80)<br>&#8211; <a href=\"http:\/\/association-carmen.fr\/la-caravane-des-medias\/category\/avesnois-nord\/\" target=\"_blank\" rel=\"noreferrer noopener\">Avesnois<\/a> (59)<br>&#8211; <a href=\"http:\/\/association-carmen.fr\/la-caravane-des-medias\/category\/bassin-minier-62\/\" target=\"_blank\" rel=\"noreferrer noopener\">Bassin minier<\/a> (62)<br>&#8211; <a href=\"http:\/\/association-carmen.fr\/la-caravane-des-medias\/category\/creil\/\" target=\"_blank\" rel=\"noreferrer noopener\">Creil<\/a> (60)<br>&#8211; <a href=\"http:\/\/association-carmen.fr\/la-caravane-des-medias\/category\/pays-du-coquelicot-80\/\" target=\"_blank\" rel=\"noreferrer noopener\">Pays du Coquelicot<\/a> (80)<br>&#8211; <a href=\"http:\/\/association-carmen.fr\/la-caravane-des-medias\/category\/somme-sud-ouest\/\" target=\"_blank\" rel=\"noreferrer noopener\">Somme sud-ouest<\/a> (80)<br>&#8211; <a href=\"http:\/\/association-carmen.fr\/la-caravane-des-medias\/category\/trois-rivieres-aisne\/\" target=\"_blank\" rel=\"noreferrer noopener\">Trois Rivi\u00e8res<\/a> (02)<br>&#8211; <a href=\"http:\/\/association-carmen.fr\/la-caravane-des-medias\/category\/vexin-thelle\/\" target=\"_blank\" rel=\"noreferrer noopener\">Vexin-Thelle<\/a> (60)<br>&#8211; <a href=\"http:\/\/association-carmen.fr\/la-caravane-des-medias\/category\/val-de-laisne\/\" target=\"_blank\" rel=\"noreferrer noopener\">Val de l&rsquo;Aisne<\/a> (02)<\/p>\n\n\n\n<h4 class=\"wp-block-heading\">L&rsquo;\u00e9quipe  <\/h4>\n\n\n\n<div class=\"wp-block-media-text alignfull is-stacked-on-mobile\" style=\"grid-template-columns:25% auto\"><figure class=\"wp-block-media-text__media\"><img loading=\"lazy\" decoding=\"async\" width=\"1024\" height=\"683\" src=\"https:\/\/association-carmen.fr\/la-caravane-des-medias\/wp-content\/uploads\/2023\/09\/ORO4289-1024x683.jpg\" alt=\"\" class=\"wp-image-1966 size-full\" srcset=\"https:\/\/association-carmen.fr\/la-caravane-des-medias\/wp-content\/uploads\/2023\/09\/ORO4289-1024x683.jpg 1024w, https:\/\/association-carmen.fr\/la-caravane-des-medias\/wp-content\/uploads\/2023\/09\/ORO4289-300x200.jpg 300w, https:\/\/association-carmen.fr\/la-caravane-des-medias\/wp-content\/uploads\/2023\/09\/ORO4289-768x512.jpg 768w, https:\/\/association-carmen.fr\/la-caravane-des-medias\/wp-content\/uploads\/2023\/09\/ORO4289-1536x1024.jpg 1536w, https:\/\/association-carmen.fr\/la-caravane-des-medias\/wp-content\/uploads\/2023\/09\/ORO4289-2048x1365.jpg 2048w, https:\/\/association-carmen.fr\/la-caravane-des-medias\/wp-content\/uploads\/2023\/09\/ORO4289-1200x800.jpg 1200w, https:\/\/association-carmen.fr\/la-caravane-des-medias\/wp-content\/uploads\/2023\/09\/ORO4289-1980x1320.jpg 1980w\" sizes=\"auto, (max-width: 1024px) 100vw, 1024px\" \/><\/figure><div class=\"wp-block-media-text__content\">\n<h4 class=\"wp-block-heading\"><strong>Cl\u00e9mence Leleu<\/strong><\/h4>\n\n\n\n<p class=\"has-normal-font-size\">Cl\u00e9mence Leleu est journaliste depuis 2014. Elle s\u2019est sp\u00e9cialis\u00e9e sur les th\u00e9matiques li\u00e9es au Japon et \u00e0 la jeunesse, travaillant pour des m\u00e9dias fran\u00e7ais et japonais. Elle appr\u00e9cie le travail de terrain et les reportages longs formats. Cl\u00e9mence m\u00e8ne \u00e9galement des actions d\u2019\u00e9ducation aux m\u00e9dias pour CARMEN et Image\u2019In. Sa sp\u00e9cialit\u00e9 dans le projet est la photographie. Sa sp\u00e9cialit\u00e9 dans le projet est le recueil de paroles et de t\u00e9moignages et la photographie. <\/p>\n<\/div><\/div>\n\n\n\n<div class=\"wp-block-media-text alignfull has-media-on-the-right is-stacked-on-mobile\" style=\"grid-template-columns:auto 20%\"><div class=\"wp-block-media-text__content\">\n<h4 class=\"wp-block-heading\"><strong>Zo\u00e9 Perron<\/strong><\/h4>\n\n\n\n<p>Zo\u00e9 Perron s&rsquo;est form\u00e9e au m\u00e9tier de technicienne du son de mille fa\u00e7ons : sur les tournages de fiction, de documentaire, en r\u00e9gie \u00e0 la radio, sur le terrain en reportage et sur les captations de spectacle (th\u00e9\u00e2tre et op\u00e9ra). Elle reste au contact des nouvelles g\u00e9n\u00e9rations en encadrant des ateliers radio depuis 2018 dans et en dehors du temps scolaire. Et depuis 2021, elle fait de sa passion pour la musique un second m\u00e9tier. Elle sillonne les routes en tant que trompettiste dans plusieurs formations de musique des Balkans : Gabriella Orkestar, Ziveli Orkestar, Merak et Super 5 Orkestar sont ses projets principaux. <\/p>\n<\/div><figure class=\"wp-block-media-text__media\"><img loading=\"lazy\" decoding=\"async\" width=\"277\" height=\"339\" src=\"https:\/\/association-carmen.fr\/la-caravane-des-medias\/wp-content\/uploads\/2025\/10\/Capture-decran-2025-10-30-a-14.05.09.png\" alt=\"\" class=\"wp-image-2721 size-full\" srcset=\"https:\/\/association-carmen.fr\/la-caravane-des-medias\/wp-content\/uploads\/2025\/10\/Capture-decran-2025-10-30-a-14.05.09.png 277w, https:\/\/association-carmen.fr\/la-caravane-des-medias\/wp-content\/uploads\/2025\/10\/Capture-decran-2025-10-30-a-14.05.09-245x300.png 245w\" sizes=\"auto, (max-width: 277px) 100vw, 277px\" \/><\/figure><\/div>\n\n\n\n<div class=\"wp-block-media-text alignfull is-stacked-on-mobile\" style=\"grid-template-columns:20% auto\"><figure class=\"wp-block-media-text__media\"><img loading=\"lazy\" decoding=\"async\" width=\"484\" height=\"738\" src=\"https:\/\/association-carmen.fr\/la-caravane-des-medias\/wp-content\/uploads\/2025\/10\/Capture-decran-2025-10-30-a-14.25.48.png\" alt=\"\" class=\"wp-image-2732 size-full\" srcset=\"https:\/\/association-carmen.fr\/la-caravane-des-medias\/wp-content\/uploads\/2025\/10\/Capture-decran-2025-10-30-a-14.25.48.png 484w, https:\/\/association-carmen.fr\/la-caravane-des-medias\/wp-content\/uploads\/2025\/10\/Capture-decran-2025-10-30-a-14.25.48-197x300.png 197w\" sizes=\"auto, (max-width: 484px) 100vw, 484px\" \/><\/figure><div class=\"wp-block-media-text__content\">\n<h4 class=\"wp-block-heading\"><strong>Mathieu De Bruyn<\/strong><\/h4>\n\n\n\n<p>Mathieu De Bruyn est troubadour, musicien tout terrain, faiseur de chansons. D&rsquo;abord \u00e9ducateur sp\u00e9cialis\u00e9, Mathieu est depuis 2014 musicien \u00e0 temps complet. Il pratique l&rsquo;accord\u00e9on, la guitare et la clarinette. Il \u00e9crit des chansons, encadre parfois des ateliers d&rsquo;\u00e9criture, joue de la clarinette dans la Super5Orkestar (fanfare des Balkans, d&rsquo;Orient et du Maghreb), chante et joue de la musique dans plusieurs spectacles jeune public et un cin\u00e9-concert, accompagne des conteurs. Et de temps en temps, il prend la route avec son accord\u00e9on pour aller jouer et chanter sur les march\u00e9s, dans les rues, les places et les caf\u00e9s d&rsquo;ici et de l\u00e0. <\/p>\n<\/div><\/div>\n\n\n\n<h4 class=\"wp-block-heading\">Les autres contributeur\u00b7rices <\/h4>\n\n\n\n<p class=\"has-medium-font-size\">&#8211; Sophie BOURLET, journaliste et illustratrice<br>&#8211; Martin GALLONE, photographe et r\u00e9alisateur<br>&#8211; Simon LAMBERT, photojournaliste<br>&#8211; V\u00e9ronique LESPERAT HEQUET, artiste<br>&#8211; Johanne LICARD, illustratrice de presse<br>&#8211; Fanny MONIER, illustratrice de presse<br>&#8211; Priscilla PALM, illustratrice de presse<br>&#8211; Timoth\u00e9e VINCHON, journaliste <br>&#8211; Cl\u00e9mence BOULFROY, directrice de CARMEN<br>&#8211; Cl\u00e9ment JUILLARD, m\u00e9diateur culturel de CARMEN<\/p>\n\n\n\n<p class=\"has-medium-font-size\">C<em>e projet est men\u00e9 gr\u00e2ce \u00e0 la mise \u00e0 disposition de la caravane des Uchroniks du <a rel=\"noreferrer noopener\" href=\"https:\/\/letasdesable-cpv.org\/\" target=\"_blank\">Tas de Sable &#8211; Ches Panses Vertes<\/a> &#8211; Centre national de la Marionnette. <\/em><\/p>\n\n\n\n<figure class=\"wp-block-image size-large\"><img loading=\"lazy\" decoding=\"async\" width=\"927\" height=\"179\" src=\"http:\/\/association-carmen.fr\/la-caravane-des-medias\/wp-content\/uploads\/2023\/10\/bandeau-logos-caravane-2023.jpg\" alt=\"\" class=\"wp-image-2017\" srcset=\"https:\/\/association-carmen.fr\/la-caravane-des-medias\/wp-content\/uploads\/2023\/10\/bandeau-logos-caravane-2023.jpg 927w, https:\/\/association-carmen.fr\/la-caravane-des-medias\/wp-content\/uploads\/2023\/10\/bandeau-logos-caravane-2023-300x58.jpg 300w, https:\/\/association-carmen.fr\/la-caravane-des-medias\/wp-content\/uploads\/2023\/10\/bandeau-logos-caravane-2023-768x148.jpg 768w\" sizes=\"auto, (max-width: 927px) 100vw, 927px\" \/><\/figure>\n","protected":false},"excerpt":{"rendered":"<p>La caravane des m\u00e9dias\u2026 En 2020, l\u2019association CARMEN lance la caravane des m\u00e9dias, un studio mobile atypique qui parcourt les routes des Hauts-de-France. Pendant cinq jours, trois journalistes invitent les habitants \u00e0 discuter de l\u2019information et des m\u00e9dias : ils expliquent, analysent, d\u00e9battent et produisent du contenu autour des m\u00e9dias, tout en documentant l\u2019exp\u00e9rience sous [&hellip;]<\/p>\n","protected":false},"author":1,"featured_media":0,"parent":0,"menu_order":0,"comment_status":"closed","ping_status":"closed","template":"","meta":{"footnotes":""},"class_list":["post-7","page","type-page","status-publish","hentry"],"yoast_head":"<!-- This site is optimized with the Yoast SEO plugin v25.6 - https:\/\/yoast.com\/wordpress\/plugins\/seo\/ -->\n<title>Le m\u00e9diaphone - La caravane des m\u00e9dias<\/title>\n<meta name=\"description\" content=\"Une caravane - studio mobile et insolite - part en tourn\u00e9e m\u00e9diatique sur les routes des communaut\u00e9s de communes.\" \/>\n<meta name=\"robots\" content=\"index, follow, max-snippet:-1, max-image-preview:large, max-video-preview:-1\" \/>\n<link rel=\"canonical\" href=\"https:\/\/association-carmen.fr\/la-caravane-des-medias\/a-propos-de\/\" \/>\n<meta property=\"og:locale\" content=\"fr_FR\" \/>\n<meta property=\"og:type\" content=\"article\" \/>\n<meta property=\"og:title\" content=\"Le m\u00e9diaphone - La caravane des m\u00e9dias\" \/>\n<meta property=\"og:description\" content=\"Une caravane - studio mobile et insolite - part en tourn\u00e9e m\u00e9diatique sur les routes des communaut\u00e9s de communes.\" \/>\n<meta property=\"og:url\" content=\"https:\/\/association-carmen.fr\/la-caravane-des-medias\/a-propos-de\/\" \/>\n<meta property=\"og:site_name\" content=\"La caravane des m\u00e9dias\" \/>\n<meta property=\"article:modified_time\" content=\"2025-10-30T13:27:43+00:00\" \/>\n<meta property=\"og:image\" content=\"https:\/\/association-carmen.fr\/la-caravane-des-medias\/wp-content\/uploads\/2021\/06\/20210626_CARAVANE_MEDIA_DSF0267-1.jpg\" \/>\n\t<meta property=\"og:image:width\" content=\"1400\" \/>\n\t<meta property=\"og:image:height\" content=\"933\" \/>\n\t<meta property=\"og:image:type\" content=\"image\/jpeg\" \/>\n<meta name=\"twitter:card\" content=\"summary_large_image\" \/>\n<meta name=\"twitter:image\" content=\"https:\/\/association-carmen.fr\/la-caravane-des-medias\/wp-content\/uploads\/2021\/06\/20210626_CARAVANE_MEDIA_DSF0267-1.jpg\" \/>\n<meta name=\"twitter:label1\" content=\"Dur\u00e9e de lecture estim\u00e9e\" \/>\n\t<meta name=\"twitter:data1\" content=\"4 minutes\" \/>\n<script type=\"application\/ld+json\" class=\"yoast-schema-graph\">{\"@context\":\"https:\/\/schema.org\",\"@graph\":[{\"@type\":\"WebPage\",\"@id\":\"https:\/\/association-carmen.fr\/la-caravane-des-medias\/a-propos-de\/\",\"url\":\"https:\/\/association-carmen.fr\/la-caravane-des-medias\/a-propos-de\/\",\"name\":\"Le m\u00e9diaphone - La caravane des m\u00e9dias\",\"isPartOf\":{\"@id\":\"https:\/\/association-carmen.fr\/la-caravane-des-medias\/#website\"},\"primaryImageOfPage\":{\"@id\":\"https:\/\/association-carmen.fr\/la-caravane-des-medias\/a-propos-de\/#primaryimage\"},\"image\":{\"@id\":\"https:\/\/association-carmen.fr\/la-caravane-des-medias\/a-propos-de\/#primaryimage\"},\"thumbnailUrl\":\"https:\/\/association-carmen.fr\/la-caravane-des-medias\/wp-content\/uploads\/2025\/10\/la-caravane-MEDIAPHONE-2-1024x595.jpg\",\"datePublished\":\"2020-07-03T16:03:28+00:00\",\"dateModified\":\"2025-10-30T13:27:43+00:00\",\"description\":\"Une caravane - studio mobile et insolite - part en tourn\u00e9e m\u00e9diatique sur les routes des communaut\u00e9s de communes.\",\"breadcrumb\":{\"@id\":\"https:\/\/association-carmen.fr\/la-caravane-des-medias\/a-propos-de\/#breadcrumb\"},\"inLanguage\":\"fr-FR\",\"potentialAction\":[{\"@type\":\"ReadAction\",\"target\":[\"https:\/\/association-carmen.fr\/la-caravane-des-medias\/a-propos-de\/\"]}]},{\"@type\":\"ImageObject\",\"inLanguage\":\"fr-FR\",\"@id\":\"https:\/\/association-carmen.fr\/la-caravane-des-medias\/a-propos-de\/#primaryimage\",\"url\":\"https:\/\/association-carmen.fr\/la-caravane-des-medias\/wp-content\/uploads\/2025\/10\/la-caravane-MEDIAPHONE-2.jpg\",\"contentUrl\":\"https:\/\/association-carmen.fr\/la-caravane-des-medias\/wp-content\/uploads\/2025\/10\/la-caravane-MEDIAPHONE-2.jpg\",\"width\":1859,\"height\":1080},{\"@type\":\"BreadcrumbList\",\"@id\":\"https:\/\/association-carmen.fr\/la-caravane-des-medias\/a-propos-de\/#breadcrumb\",\"itemListElement\":[{\"@type\":\"ListItem\",\"position\":1,\"name\":\"Accueil\",\"item\":\"https:\/\/association-carmen.fr\/la-caravane-des-medias\/\"},{\"@type\":\"ListItem\",\"position\":2,\"name\":\"Le m\u00e9diaphone\"}]},{\"@type\":\"WebSite\",\"@id\":\"https:\/\/association-carmen.fr\/la-caravane-des-medias\/#website\",\"url\":\"https:\/\/association-carmen.fr\/la-caravane-des-medias\/\",\"name\":\"La caravane des m\u00e9dias\",\"description\":\"\",\"publisher\":{\"@id\":\"https:\/\/association-carmen.fr\/la-caravane-des-medias\/#organization\"},\"potentialAction\":[{\"@type\":\"SearchAction\",\"target\":{\"@type\":\"EntryPoint\",\"urlTemplate\":\"https:\/\/association-carmen.fr\/la-caravane-des-medias\/?s={search_term_string}\"},\"query-input\":{\"@type\":\"PropertyValueSpecification\",\"valueRequired\":true,\"valueName\":\"search_term_string\"}}],\"inLanguage\":\"fr-FR\"},{\"@type\":\"Organization\",\"@id\":\"https:\/\/association-carmen.fr\/la-caravane-des-medias\/#organization\",\"name\":\"La Caravane des M\u00e9dias - Association CARMEN\",\"url\":\"https:\/\/association-carmen.fr\/la-caravane-des-medias\/\",\"logo\":{\"@type\":\"ImageObject\",\"inLanguage\":\"fr-FR\",\"@id\":\"https:\/\/association-carmen.fr\/la-caravane-des-medias\/#\/schema\/logo\/image\/\",\"url\":\"https:\/\/association-carmen.fr\/la-caravane-des-medias\/wp-content\/uploads\/2020\/07\/la-caravane-IMG-FOND.png\",\"contentUrl\":\"https:\/\/association-carmen.fr\/la-caravane-des-medias\/wp-content\/uploads\/2020\/07\/la-caravane-IMG-FOND.png\",\"width\":1920,\"height\":1080,\"caption\":\"La Caravane des M\u00e9dias - Association CARMEN\"},\"image\":{\"@id\":\"https:\/\/association-carmen.fr\/la-caravane-des-medias\/#\/schema\/logo\/image\/\"}}]}<\/script>\n<!-- \/ Yoast SEO plugin. -->","yoast_head_json":{"title":"Le m\u00e9diaphone - La caravane des m\u00e9dias","description":"Une caravane - studio mobile et insolite - part en tourn\u00e9e m\u00e9diatique sur les routes des communaut\u00e9s de communes.","robots":{"index":"index","follow":"follow","max-snippet":"max-snippet:-1","max-image-preview":"max-image-preview:large","max-video-preview":"max-video-preview:-1"},"canonical":"https:\/\/association-carmen.fr\/la-caravane-des-medias\/a-propos-de\/","og_locale":"fr_FR","og_type":"article","og_title":"Le m\u00e9diaphone - La caravane des m\u00e9dias","og_description":"Une caravane - studio mobile et insolite - part en tourn\u00e9e m\u00e9diatique sur les routes des communaut\u00e9s de communes.","og_url":"https:\/\/association-carmen.fr\/la-caravane-des-medias\/a-propos-de\/","og_site_name":"La caravane des m\u00e9dias","article_modified_time":"2025-10-30T13:27:43+00:00","og_image":[{"width":1400,"height":933,"url":"https:\/\/association-carmen.fr\/la-caravane-des-medias\/wp-content\/uploads\/2021\/06\/20210626_CARAVANE_MEDIA_DSF0267-1.jpg","type":"image\/jpeg"}],"twitter_card":"summary_large_image","twitter_image":"https:\/\/association-carmen.fr\/la-caravane-des-medias\/wp-content\/uploads\/2021\/06\/20210626_CARAVANE_MEDIA_DSF0267-1.jpg","twitter_misc":{"Dur\u00e9e de lecture estim\u00e9e":"4 minutes"},"schema":{"@context":"https:\/\/schema.org","@graph":[{"@type":"WebPage","@id":"https:\/\/association-carmen.fr\/la-caravane-des-medias\/a-propos-de\/","url":"https:\/\/association-carmen.fr\/la-caravane-des-medias\/a-propos-de\/","name":"Le m\u00e9diaphone - La caravane des m\u00e9dias","isPartOf":{"@id":"https:\/\/association-carmen.fr\/la-caravane-des-medias\/#website"},"primaryImageOfPage":{"@id":"https:\/\/association-carmen.fr\/la-caravane-des-medias\/a-propos-de\/#primaryimage"},"image":{"@id":"https:\/\/association-carmen.fr\/la-caravane-des-medias\/a-propos-de\/#primaryimage"},"thumbnailUrl":"https:\/\/association-carmen.fr\/la-caravane-des-medias\/wp-content\/uploads\/2025\/10\/la-caravane-MEDIAPHONE-2-1024x595.jpg","datePublished":"2020-07-03T16:03:28+00:00","dateModified":"2025-10-30T13:27:43+00:00","description":"Une caravane - studio mobile et insolite - part en tourn\u00e9e m\u00e9diatique sur les routes des communaut\u00e9s de communes.","breadcrumb":{"@id":"https:\/\/association-carmen.fr\/la-caravane-des-medias\/a-propos-de\/#breadcrumb"},"inLanguage":"fr-FR","potentialAction":[{"@type":"ReadAction","target":["https:\/\/association-carmen.fr\/la-caravane-des-medias\/a-propos-de\/"]}]},{"@type":"ImageObject","inLanguage":"fr-FR","@id":"https:\/\/association-carmen.fr\/la-caravane-des-medias\/a-propos-de\/#primaryimage","url":"https:\/\/association-carmen.fr\/la-caravane-des-medias\/wp-content\/uploads\/2025\/10\/la-caravane-MEDIAPHONE-2.jpg","contentUrl":"https:\/\/association-carmen.fr\/la-caravane-des-medias\/wp-content\/uploads\/2025\/10\/la-caravane-MEDIAPHONE-2.jpg","width":1859,"height":1080},{"@type":"BreadcrumbList","@id":"https:\/\/association-carmen.fr\/la-caravane-des-medias\/a-propos-de\/#breadcrumb","itemListElement":[{"@type":"ListItem","position":1,"name":"Accueil","item":"https:\/\/association-carmen.fr\/la-caravane-des-medias\/"},{"@type":"ListItem","position":2,"name":"Le m\u00e9diaphone"}]},{"@type":"WebSite","@id":"https:\/\/association-carmen.fr\/la-caravane-des-medias\/#website","url":"https:\/\/association-carmen.fr\/la-caravane-des-medias\/","name":"La caravane des m\u00e9dias","description":"","publisher":{"@id":"https:\/\/association-carmen.fr\/la-caravane-des-medias\/#organization"},"potentialAction":[{"@type":"SearchAction","target":{"@type":"EntryPoint","urlTemplate":"https:\/\/association-carmen.fr\/la-caravane-des-medias\/?s={search_term_string}"},"query-input":{"@type":"PropertyValueSpecification","valueRequired":true,"valueName":"search_term_string"}}],"inLanguage":"fr-FR"},{"@type":"Organization","@id":"https:\/\/association-carmen.fr\/la-caravane-des-medias\/#organization","name":"La Caravane des M\u00e9dias - Association CARMEN","url":"https:\/\/association-carmen.fr\/la-caravane-des-medias\/","logo":{"@type":"ImageObject","inLanguage":"fr-FR","@id":"https:\/\/association-carmen.fr\/la-caravane-des-medias\/#\/schema\/logo\/image\/","url":"https:\/\/association-carmen.fr\/la-caravane-des-medias\/wp-content\/uploads\/2020\/07\/la-caravane-IMG-FOND.png","contentUrl":"https:\/\/association-carmen.fr\/la-caravane-des-medias\/wp-content\/uploads\/2020\/07\/la-caravane-IMG-FOND.png","width":1920,"height":1080,"caption":"La Caravane des M\u00e9dias - Association CARMEN"},"image":{"@id":"https:\/\/association-carmen.fr\/la-caravane-des-medias\/#\/schema\/logo\/image\/"}}]}},"jetpack_sharing_enabled":false,"_links":{"self":[{"href":"https:\/\/association-carmen.fr\/la-caravane-des-medias\/wp-json\/wp\/v2\/pages\/7","targetHints":{"allow":["GET"]}}],"collection":[{"href":"https:\/\/association-carmen.fr\/la-caravane-des-medias\/wp-json\/wp\/v2\/pages"}],"about":[{"href":"https:\/\/association-carmen.fr\/la-caravane-des-medias\/wp-json\/wp\/v2\/types\/page"}],"author":[{"embeddable":true,"href":"https:\/\/association-carmen.fr\/la-caravane-des-medias\/wp-json\/wp\/v2\/users\/1"}],"replies":[{"embeddable":true,"href":"https:\/\/association-carmen.fr\/la-caravane-des-medias\/wp-json\/wp\/v2\/comments?post=7"}],"version-history":[{"count":36,"href":"https:\/\/association-carmen.fr\/la-caravane-des-medias\/wp-json\/wp\/v2\/pages\/7\/revisions"}],"predecessor-version":[{"id":2733,"href":"https:\/\/association-carmen.fr\/la-caravane-des-medias\/wp-json\/wp\/v2\/pages\/7\/revisions\/2733"}],"wp:attachment":[{"href":"https:\/\/association-carmen.fr\/la-caravane-des-medias\/wp-json\/wp\/v2\/media?parent=7"}],"curies":[{"name":"wp","href":"https:\/\/api.w.org\/{rel}","templated":true}]}}