{"version":"1.0","provider_name":"La caravane des m\u00e9dias","provider_url":"https:\/\/association-carmen.fr\/la-caravane-des-medias","author_name":"LA CARAVANE DES M\u00c9DIAS","author_url":"https:\/\/association-carmen.fr\/la-caravane-des-medias\/author\/caravmed\/","title":"Bonjour tout le monde\u00a0! - La caravane des m\u00e9dias","type":"rich","width":600,"height":338,"html":"<blockquote class=\"wp-embedded-content\" data-secret=\"3EFhrcbHhX\"><a href=\"https:\/\/association-carmen.fr\/la-caravane-des-medias\/bonjour-tout-le-monde\/\">Bonjour tout le monde\u00a0!<\/a><\/blockquote><iframe sandbox=\"allow-scripts\" security=\"restricted\" src=\"https:\/\/association-carmen.fr\/la-caravane-des-medias\/bonjour-tout-le-monde\/embed\/#?secret=3EFhrcbHhX\" width=\"600\" height=\"338\" title=\"\u00ab\u00a0Bonjour tout le monde\u00a0!\u00a0\u00bb &#8212; La caravane des m\u00e9dias\" data-secret=\"3EFhrcbHhX\" frameborder=\"0\" marginwidth=\"0\" marginheight=\"0\" scrolling=\"no\" class=\"wp-embedded-content\"><\/iframe><script>\n\/*! This file is auto-generated *\/\n!function(d,l){\"use strict\";l.querySelector&&d.addEventListener&&\"undefined\"!=typeof URL&&(d.wp=d.wp||{},d.wp.receiveEmbedMessage||(d.wp.receiveEmbedMessage=function(e){var t=e.data;if((t||t.secret||t.message||t.value)&&!\/[^a-zA-Z0-9]\/.test(t.secret)){for(var s,r,n,a=l.querySelectorAll('iframe[data-secret=\"'+t.secret+'\"]'),o=l.querySelectorAll('blockquote[data-secret=\"'+t.secret+'\"]'),c=new RegExp(\"^https?:$\",\"i\"),i=0;i<o.length;i++)o[i].style.display=\"none\";for(i=0;i<a.length;i++)s=a[i],e.source===s.contentWindow&&(s.removeAttribute(\"style\"),\"height\"===t.message?(1e3<(r=parseInt(t.value,10))?r=1e3:~~r<200&&(r=200),s.height=r):\"link\"===t.message&&(r=new URL(s.getAttribute(\"src\")),n=new URL(t.value),c.test(n.protocol))&&n.host===r.host&&l.activeElement===s&&(d.top.location.href=t.value))}},d.addEventListener(\"message\",d.wp.receiveEmbedMessage,!1),l.addEventListener(\"DOMContentLoaded\",function(){for(var e,t,s=l.querySelectorAll(\"iframe.wp-embedded-content\"),r=0;r<s.length;r++)(t=(e=s[r]).getAttribute(\"data-secret\"))||(t=Math.random().toString(36).substring(2,12),e.src+=\"#?secret=\"+t,e.setAttribute(\"data-secret\",t)),e.contentWindow.postMessage({message:\"ready\",secret:t},\"*\")},!1)))}(window,document);\n<\/script>\n","thumbnail_url":"https:\/\/association-carmen.fr\/la-caravane-des-medias\/wp-content\/uploads\/2020\/07\/la-caravane-des-me\u0301dias-Vexin-Thelle.jpg","thumbnail_width":1181,"thumbnail_height":827,"description":"Bienvenue sur le carnet de voyage de \u00ab La caravane des m\u00e9dias \u00bb. Ici nous publierons des photos, des vid\u00e9os, des textes, des dessins\u2026 r\u00e9alis\u00e9s avec les habitants, petits et grands, que nous rencontrerons dans les Communes (La Corne-en-Vexin, Le Mesnil-Th\u00e9ribus, Delincourt, Montjavoult et Chaumont-en-Vexin) o\u00f9 nous aurons poser notre caravane."}